{"id":32,"date":"2020-11-30T12:22:48","date_gmt":"2020-11-30T11:22:48","guid":{"rendered":"http:\/\/compasreseau.com\/?page_id=32"},"modified":"2026-03-05T15:33:03","modified_gmt":"2026-03-05T14:33:03","slug":"pharma-sante","status":"publish","type":"page","link":"https:\/\/compasreseau.com\/index.php\/pharma-sante\/","title":{"rendered":"Pharma Sant\u00e9"},"content":{"rendered":"<p><img fetchpriority=\"high\" decoding=\"async\" class=\"alignleft  wp-image-2700\" src=\"https:\/\/compasreseau.com\/wp-content\/uploads\/2026\/03\/2026-pharma-scaled.png\" alt=\"\" width=\"937\" height=\"245\" srcset=\"https:\/\/compasreseau.com\/wp-content\/uploads\/2026\/03\/2026-pharma-scaled.png 2560w, https:\/\/compasreseau.com\/wp-content\/uploads\/2026\/03\/2026-pharma-300x79.png 300w, https:\/\/compasreseau.com\/wp-content\/uploads\/2026\/03\/2026-pharma-1024x268.png 1024w, https:\/\/compasreseau.com\/wp-content\/uploads\/2026\/03\/2026-pharma-768x201.png 768w, https:\/\/compasreseau.com\/wp-content\/uploads\/2026\/03\/2026-pharma-1536x402.png 1536w, https:\/\/compasreseau.com\/wp-content\/uploads\/2026\/03\/2026-pharma-2048x536.png 2048w\" sizes=\"(max-width: 937px) 100vw, 937px\" \/><\/p>\n<p>&nbsp;<\/p>\n<p>&nbsp;<\/p>\n<p>&nbsp;<\/p>\n<p>&nbsp;<\/p>\n<p><a role=\"button\" href=\"mailto:catherine.blockx@pharmasante.be\">Co<\/a><a role=\"button\" href=\"mailto:catherine.blockx@pharmasante.be\">ntact privil\u00e9gi\u00e9 au sein des Pharmacies<\/a><a href=\"https:\/\/www.solidaris-liege.be\/pharma_sante\/index.html\">\u00a0<\/a><\/p>\n<h3 style=\"text-align: center;\"><span style=\"color: #000000;\">Pour consulter les promotions du mois, cliquer <span style=\"color: #29e629;\"><a style=\"color: #29e629;\" href=\"https:\/\/www.pharmasanteonweb.be\/\"><strong>ICI<\/strong><\/a><\/span><\/span><\/h3>\n<div class=\"omsc-accordion\"><br \/>\n<div class=\"omsc-toggle omsc-expanded\"><div class=\"omsc-toggle-title\">A la une<\/div><div class=\"omsc-toggle-inner\" style=\"display:block\"><\/p>\n<h3><strong><span style=\"color: #ff6600;\">Nouvelle officine &#8211; Septembre 2025<\/span><\/strong><\/h3>\n<hr \/>\n<p><img decoding=\"async\" class=\"alignleft wp-image-2554\" src=\"https:\/\/compasreseau.com\/wp-content\/uploads\/2025\/10\/pharmacie-cockerill.webp\" alt=\"\" width=\"223\" height=\"167\" srcset=\"https:\/\/compasreseau.com\/wp-content\/uploads\/2025\/10\/pharmacie-cockerill.webp 690w, https:\/\/compasreseau.com\/wp-content\/uploads\/2025\/10\/pharmacie-cockerill-300x225.webp 300w\" sizes=\"(max-width: 223px) 100vw, 223px\" \/>Ouverture de la nouvelle officine &#8211; Rue Cockerill 5\/1 \u00e0 Seraing<\/p>\n<p><strong><span style=\"color: #008000;\">Horaire ouverture<\/span> : Lundi au vendredi<\/strong> : 09h00 \u00e0 13h00 et de 13h30 \u00e0 18h00\u00a0 et <strong>Samedi\u00a0<\/strong>: 09h00 \u00e0 13h00<\/p>\n<p>&nbsp;<\/p>\n<p>Le fichier de la carte Google a \u00e9t\u00e9 mis \u00e0 jour &#8211; Cliquer <a href=\"https:\/\/www.google.com\/maps\/d\/u\/0\/viewer?mid=1nqbWD_OKsJmrhhwgmdMyt-eKumE61Fqs&amp;ll=50.495399239924694%2C4.969081749999988&amp;z=9\"><span style=\"color: #ff0000;\"><strong>ICI<\/strong><\/span><\/a><\/p>\n<p>&nbsp;<\/p>\n<h3><span style=\"color: #ff6600;\"><span style=\"font-size: 16px;\">Mise \u00e0 jour du fichier Officines &#8211; octobre 2024<\/span><\/span><\/h3>\n<hr \/>\n<h3><span style=\"color: #ff6600;\"><img decoding=\"async\" class=\"alignleft wp-image-2333\" src=\"https:\/\/compasreseau.com\/wp-content\/uploads\/2024\/10\/reseau-pharma.jpg\" alt=\"\" width=\"243\" height=\"102\" srcset=\"https:\/\/compasreseau.com\/wp-content\/uploads\/2024\/10\/reseau-pharma.jpg 1240w, https:\/\/compasreseau.com\/wp-content\/uploads\/2024\/10\/reseau-pharma-300x126.jpg 300w, https:\/\/compasreseau.com\/wp-content\/uploads\/2024\/10\/reseau-pharma-1024x430.jpg 1024w, https:\/\/compasreseau.com\/wp-content\/uploads\/2024\/10\/reseau-pharma-768x323.jpg 768w\" sizes=\"(max-width: 243px) 100vw, 243px\" \/><\/span><\/h3>\n<p>&nbsp;<\/p>\n<p>La carte google mapp a \u00e9t\u00e9 mise \u00e0 jour pour les officines du r\u00e9seau Pharma Sant\u00e9<\/p>\n<h3><\/h3>\n<h3><\/h3>\n<h3><span style=\"color: #ff6600;\"><span style=\"color: #ff6600;\">Promo Cosm\u00e9tiques pour la Saint-Valentin &#8211; f\u00e9vrier 2024<\/span><\/span><\/h3>\n<hr \/>\n<p><img loading=\"lazy\" decoding=\"async\" class=\"alignnone size-medium wp-image-2233\" src=\"https:\/\/compasreseau.com\/wp-content\/uploads\/2024\/02\/test_image_stvalentin-211x300.png\" alt=\"\" width=\"211\" height=\"300\" srcset=\"https:\/\/compasreseau.com\/wp-content\/uploads\/2024\/02\/test_image_stvalentin-211x300.png 211w, https:\/\/compasreseau.com\/wp-content\/uploads\/2024\/02\/test_image_stvalentin.png 442w\" sizes=\"(max-width: 211px) 100vw, 211px\" \/><\/p>\n<h3><span style=\"color: #ff6600;\"><strong>Pharma Sant\u00e9 &#8211; Compl\u00e9ments alimentaires &#8211; d\u00e9cembre 2023<\/strong><\/span><\/h3>\n<hr \/>\n<p><img loading=\"lazy\" decoding=\"async\" class=\"alignleft wp-image-2145\" src=\"https:\/\/compasreseau.com\/wp-content\/uploads\/2023\/12\/complement-alimentaire-150x150.jpg\" alt=\"\" width=\"81\" height=\"81\" srcset=\"https:\/\/compasreseau.com\/wp-content\/uploads\/2023\/12\/complement-alimentaire-150x150.jpg 150w, https:\/\/compasreseau.com\/wp-content\/uploads\/2023\/12\/complement-alimentaire-365x365.jpg 365w\" sizes=\"(max-width: 81px) 100vw, 81px\" \/><\/p>\n<p>Pharmasant\u00e9 a d\u00e9velopp\u00e9 sa propre gamme de compl\u00e9ments alimentaires.<\/p>\n<p>D\u00e9couvrez la brochure en cliquant <strong><a href=\"https:\/\/compasreseau.com\/wp-content\/uploads\/2023\/12\/231218-Brochure-Private-label.pdf\">ICI<\/a><\/strong><\/p>\n<h3><\/h3>\n<h3><span style=\"color: #ff6600;\"><strong>Vaccination dans les pharmacies &#8211; Novembre 2023<\/strong><\/span><\/h3>\n<hr \/>\n<p>L\u2019ann\u00e9e derni\u00e8re, plusieurs pharmaciens du r\u00e9seau Pharma Sant\u00e9 ont r\u00e9pondu positivement \u00e0 l\u2019ouverture l\u00e9gale de la vaccination COVID en officine.<br \/>\n<strong>Cette ann\u00e9e, le feu vert l\u00e9gal a \u00e9t\u00e9 donn\u00e9 pour la vaccination contre la grippe !<\/strong><\/p>\n<p>N\u2019h\u00e9sitez pas \u00e0 vous faire vacciner dans les officines du r\u00e9seau \ud83d\ude0a.<\/p>\n<p>Vous retrouverez la liste dans le r\u00e9pertoire \u00ab\u00a0Boite \u00e0 utiles &#8211; carte du r\u00e9seau sur le site <em>Compa&rsquo;s<\/em>.<\/p>\n<p>Les pharmaciens sont form\u00e9s et accompagn\u00e9s pour la meilleure prise en charge.<\/p>\n<p>La vaccination se fait sur <strong>RDV<\/strong> <em>via Rosa | Trouvez rapidement un m\u00e9decin<\/em> et prenez rendez-vous en ligne : <strong>pharmacien + code postal <\/strong>ou par contact direct avec l\u2019officine.<\/p>\n<p>Merci\u00a0 aux pharmaciens vaccinateurs pour la mise en place de ce nouveau service essentiel<\/p>\n<h3><span style=\"color: #ff6600;\">Une di\u00e9t\u00e9ticienne &#8211; nutritionniste \u00e0 l\u2019officine de Seraing Boverie &#8211; Novembre 2022<\/span><\/h3>\n<hr \/>\n<p>Depuis plusieurs mois, l\u2019officine Boverie \u00e0 Seraing propose <strong>un nouveau service \u00e0 la client\u00e8le<\/strong> !<\/p>\n<p>Tous les <strong>samedis matin de 9h \u00e0 12h30<\/strong>, Alison Morelle, di\u00e9t\u00e9ticienne-nutritionniste donne des consultations sur<strong> rendez-vous<\/strong> uniquement dans un local de notre pharmacie.<\/p>\n<p>En pratique :<br \/>\nLa premi\u00e8re consultation dure environ une heure et permet de r\u00e9aliser le bilan alimentaire et l\u2019anamn\u00e8se nutritionnelle du patient.<\/p>\n<p>Le rythme des consultations de suivis d\u2019une dur\u00e9e de 30 minutes est \u00e0 d\u00e9finir selon les besoins du patient.<\/p>\n<p><strong>Pour plus d\u2019infos ou prendre rendez-vous : 0499\/78 43 40.<\/strong><\/p>\n<h3><span style=\"color: #ff6600;\">Vaccination Covid &#8211; Octobre 2022<\/span><\/h3>\n<hr \/>\n<h3 style=\"text-align: center;\"><strong>D\u00e9j\u00e0 6 officines vaccinatrices au sein de Pharma Sant\u00e9 !<\/strong><\/h3>\n<p><strong>Le Projet pilote de la R\u00e9gion Wallonne<\/strong><br \/>\nD\u00e9but mai, la R\u00e9gion Wallonne jouait la carte de la proximit\u00e9 en lan\u00e7ant la premi\u00e8re phase d\u2019un Projet pilote de vaccination en pharmacie.<\/p>\n<p><strong>Chez Pharma Sant\u00e9, on a d\u00e9marr\u00e9 !<\/strong><br \/>\nPour s\u2019inscrire dans ce projet, il fallait r\u00e9pondre \u00e0 un certain nombre de crit\u00e8res comme suivre une formation \u00e0 la vaccination et r\u00e9pondre \u00e0 des normes tr\u00e8s exigeantes en termes d\u2019infrastructures (respect des acc\u00e8s PMR, espace de confidentialit\u00e9, espace d\u2019attente pour 3 personnes\u2026).<\/p>\n<p>Dans notre r\u00e9seau, 6 officines conformes aux crit\u00e8res se sont port\u00e9es candidates.<br \/>\nL\u2019officine de Seraing, Rue Puits-Marie a d\u00e9but\u00e9 le projet le 29 ao\u00fbt, rejointe en octobre par les officines de<\/p>\n<ul>\n<li>Ans, Rue Jamar 359 &#8211;<\/li>\n<li>Micheroux , Avenue de la R\u00e9sistance 284<\/li>\n<li>Seraing\/Biens Communaux , Rue de Tavier 288<\/li>\n<li>Awans, Rue de la Station 9\/11<\/li>\n<li>Alleur, Rue Georges Truffaut 108<\/li>\n<\/ul>\n<p><strong>Place \u00e0 la vaccination de proximit\u00e9<\/strong><br \/>\nLes demandes de rendez-vous affluent et les agendas se remplissent rapidement.<br \/>\nLa demande est forte et cela t\u00e9moigne une fois de plus toute la confiance du patient en son pharmacien.<\/p>\n<p><strong>Notre r\u00e9seau de pharmacie est n\u00e9anmoins actif et plus que pr\u00eat \u00e0 s\u2019investir dans les prochaines campagnes et \u00e0 relever ce beau d\u00e9fi !<\/strong><br \/>\nEn 2021, 80% de nos pharmaciens ont suivi un parcours de formation vaccination et sont donc habilit\u00e9s \u00e0 administrer le vaccin Covid mais aussi d\u2019autres vaccins si les autorit\u00e9s d\u00e9cidaient de suivre le mod\u00e8le fran\u00e7ais.<\/p>\n<p>C\u2019est certain, un cap a \u00e9t\u00e9 franchi dans la reconnaissance du m\u00e9tier de pharmacien en tant qu\u2019acteur de la premi\u00e8re ligne de soins. Autoriser la vaccination en officine repr\u00e9sente pour cette profession une r\u00e9elle plus-value mais aussi une r\u00e9ponse aux besoins du public en termes de service de proximit\u00e9.<\/p>\n<p style=\"text-align: center;\"><span style=\"color: #ff0000;\">Sur <strong>rendez-vous uniquement<\/strong> via QR Code repris dans les officines vaccinatrices<img loading=\"lazy\" decoding=\"async\" class=\"alignright size-thumbnail wp-image-1832\" src=\"https:\/\/compasreseau.com\/wp-content\/uploads\/2022\/11\/20221123_103513-150x150.jpg\" alt=\"\" width=\"150\" height=\"150\" srcset=\"https:\/\/compasreseau.com\/wp-content\/uploads\/2022\/11\/20221123_103513-150x150.jpg 150w, https:\/\/compasreseau.com\/wp-content\/uploads\/2022\/11\/20221123_103513-365x365.jpg 365w, https:\/\/compasreseau.com\/wp-content\/uploads\/2022\/11\/20221123_103513-500x500.jpg 500w\" sizes=\"(max-width: 150px) 100vw, 150px\" \/><\/span><br \/>\n<span style=\"color: #ff0000;\">ou en ligne sur <strong>rosa.be<\/strong><\/span><\/p>\n<p>&nbsp;<\/p>\n<p>&nbsp;<\/p>\n<p>&nbsp;<\/p>\n<h3><span style=\"color: #ff6600;\"><strong>Tests antig\u00e9niques &#8211;<\/strong> 01\/02\/2022<\/span><\/h3>\n<p>Depuis ce 19 juillet, <a href=\"https:\/\/compasreseau.com\/wp-content\/uploads\/2022\/02\/Officines-Pharma-Sante-TESTING-AG.xlsx\"><strong>15 pharmacies du groupe Pharma Sant\u00e9<\/strong><\/a>\u00a0offrent la possibilit\u00e9 de r\u00e9aliser des <strong>tests antig\u00e9niques<\/strong> avec un r\u00e9sultat fiable et rapide.<\/p>\n<p>Les pharmaciens et assistants qui effectuent ces tests antig\u00e9niques agr\u00e9\u00e9s par les autorit\u00e9s, ont suivi une formation sp\u00e9cifique (\u00e0 la fois th\u00e9orique et pratique) et disposent d&rsquo;un espace adapt\u00e9.<\/p>\n<ul>\n<li>Ces tests peuvent \u00eatre r\u00e9alis\u00e9s pour les personnes asymptomatiques, qui n\u2019ont eu aucun contact \u00e0 haut risque et qui souhaitent voyager ou participer \u00e0 un \u00e9v\u00e9nement<\/li>\n<li>Pour les voyages, attention \u00e0 bien vous renseigner sur la validit\u00e9 de ces tests dans le pays de destination : diplomatie.belgium.be<\/li>\n<li>Les tests peuvent \u00e9galement depuis le 1er novembre \u00eatre r\u00e9alis\u00e9s pour les personnes symptomatiques (de plus de 6 ans, sympt\u00f4mes depuis max 5 jour) et les retours de voyage.<\/li>\n<li>Prix : asymptomatiques, \u00e9v\u00e9nement et voyages : 26.72\u20ac<\/li>\n<li>Pour les symptomatiques et les retours de zone rouge, le co\u00fbt est prix en charge par l&rsquo;INAMI.<\/li>\n<\/ul>\n<p>Le r\u00e9sultat* est directement enregistr\u00e9 et est \u00a0disponible pour le patient via l&rsquo;application \u00ab\u00a0CovidSafe\u00a0\u00bb ou via \u00ab\u00a0Ma Sant\u00e9\u00a0\u00bb.<\/p>\n<p>Retrouvez toutes les infos <a href=\"https:\/\/compasreseau.com\/wp-content\/uploads\/2022\/02\/flyer-fr-testing.pdf\">ici<\/a><\/p>\n<p>*En cas de r\u00e9sultat positif, le contact tracing est mis en \u0153uvre et le patient est contact\u00e9 directement par t\u00e9l\u00e9phone.<\/p>\n<p>N\u2019h\u00e9sitez pas \u00e0 envoyer les patients, affili\u00e9s, connaissances etc.\u00a0 vers les officines du r\u00e9seau.<\/p>\n<p>&nbsp;<\/p>\n<h3><span style=\"color: #ff6600;\"><strong>Action f\u00eate des m\u00e8res &#8211; 1\/05\/2021<\/strong><\/span><\/h3>\n<p>R\u00e9duction de 20% sur les cosm\u00e9tiques du 1er au 15 mai 2021 \u00e0 l\u2019occasion de la f\u00eate des mamans<\/p>\n<p><img loading=\"lazy\" decoding=\"async\" src=\"https:\/\/compasreseau.com\/wp-content\/uploads\/2021\/05\/178584234_1206692483136613_4587717294284629161_n-300x158.png\" sizes=\"(max-width: 300px) 100vw, 300px\" srcset=\"https:\/\/compasreseau.com\/wp-content\/uploads\/2021\/05\/178584234_1206692483136613_4587717294284629161_n-300x158.png 300w, https:\/\/compasreseau.com\/wp-content\/uploads\/2021\/05\/178584234_1206692483136613_4587717294284629161_n-1024x538.png 1024w, https:\/\/compasreseau.com\/wp-content\/uploads\/2021\/05\/178584234_1206692483136613_4587717294284629161_n-768x403.png 768w, https:\/\/compasreseau.com\/wp-content\/uploads\/2021\/05\/178584234_1206692483136613_4587717294284629161_n.png 1200w\" alt=\"\" width=\"300\" height=\"158\" \/><\/p>\n<h3><span style=\"color: #ff6600;\"><strong>Nouvelle pharmacie \u00e0 Seraing &#8211; 06\/04\/2021<\/strong><\/span><\/h3>\n<p><img loading=\"lazy\" decoding=\"async\" class=\"\" src=\"https:\/\/compasreseau.com\/wp-content\/uploads\/2021\/04\/06-04-2021.jpg\" sizes=\"(max-width: 640px) 100vw, 640px\" srcset=\"https:\/\/compasreseau.com\/wp-content\/uploads\/2021\/04\/06-04-2021.jpg 640w, https:\/\/compasreseau.com\/wp-content\/uploads\/2021\/04\/06-04-2021-300x233.jpg 300w\" alt=\"\" width=\"299\" height=\"233\" \/><\/p>\n<p>D\u00e8s ce 6 avril 2021, Pharma Sant\u00e9 est tr\u00e8s heureux de vous accueillir rue Puits-Marie, 65 \u00e0 4100 Seraing.<\/p>\n<p>Plus de 200 m2 d\u00e9di\u00e9s \u00e0 votre bien-\u00eatre et \u00e0 votre sant\u00e9 :<\/p>\n<p>\u00b7 large espace client\u00e8le enti\u00e8rement r\u00e9nov\u00e9<br \/>\n\u00b7 une \u00e9quipe dynamique \u00e0 votre \u00e9coute<br \/>\n\u00b7 mat\u00e9riel m\u00e9dical<br \/>\n\u00b7 stomath\u00e9rapie et nutrition ent\u00e9rale<br \/>\n\u00b7 espace confidentiel<br \/>\n\u00b7 click &amp; collect<br \/>\n\u00b7 grand choix de cosm\u00e9tiques<br \/>\n\u00b7 conseils nutrith\u00e9rapie, phytoth\u00e9rapie, aromath\u00e9rapie, hom\u00e9opathie, soins b\u00e9b\u00e9<br \/>\n\u00b7 produits v\u00e9t\u00e9rinaires<\/p>\n<p>\u00b7 de nombreuses promotions et animations<br \/>\n\u00b7 vaste parking \u00e0 c\u00f4t\u00e9 de la pharmacie<br \/>\n\u00b7 acc\u00e8s PMR<\/p>\n<p>Venez nous rendre visite ! Cadeau de bienvenue pour tous et toutes<\/p>\n<p><\/div><\/div><br \/>\n<div class=\"omsc-toggle\"><div class=\"omsc-toggle-title\">Nous contacter <\/div><div class=\"omsc-toggle-inner\"><\/p>\n<p>Si\u00e8ge central de Pharma Sant\u00e9<\/p>\n<p>Rue de la Boverie, 379<br \/>\n4100 Seraing<br \/>\nT\u00e9l : 04\/337.46.70<br \/>\nFax : 04\/337.45.69<\/p>\n<p><strong>Directeur g\u00e9n\u00e9ral<\/strong>: Philippe Bartsch<br \/>\n<strong>Secr\u00e9tariat de direction<\/strong>: Nathalie Ramelot<br \/>\n<a href=\"mailto:nathalie.ramelot@pharmasante.be\">Nathalie.Ramelot@pharmasante.be<\/a><\/p>\n<p><em><sup>Pharma Sant\u00e9\u00a0: TVA BE 0475.346.619<br \/>\nPharmacies du Peuple\u00a0 TVA :BE 0406.418.122<br \/>\nLa Sauvegarde\u00a0: TVA BE 0403.919.678<\/sup><\/em><\/p>\n<p>&nbsp;<\/p>\n<p><\/div><\/div><br \/>\n<div class=\"omsc-toggle\"><div class=\"omsc-toggle-title\">Mieux nous conna\u00eetre <\/div><div class=\"omsc-toggle-inner\"><\/p>\n<p><a href=\"https:\/\/www.solidaris-liege.be\/pharma_sante\/trouvez-une-officine\/index.html\" target=\"_blank\" rel=\"noopener\">Pharma Sant\u00e9<\/a>, notre r\u00e9seau d\u2019officine en province de Li\u00e8ge<\/p>\n<p>Au service de votre sant\u00e9 depuis 1901.<\/p>\n<p><\/div><\/div><br \/>\n<\/div>\n<p>&nbsp;<\/p>\n<p>&nbsp;<\/p>\n","protected":false},"excerpt":{"rendered":"<p>&nbsp; &nbsp; &nbsp; &nbsp; Contact privil\u00e9gi\u00e9 au sein des Pharmacies\u00a0 Pour consulter les promotions du mois, cliquer ICI &nbsp; &nbsp;<\/p>\n","protected":false},"author":1,"featured_media":0,"parent":0,"menu_order":0,"comment_status":"closed","ping_status":"closed","template":"","meta":{"footnotes":""},"categories":[],"tags":[],"class_list":["post-32","page","type-page","status-publish","hentry"],"jetpack_sharing_enabled":true,"_links":{"self":[{"href":"https:\/\/compasreseau.com\/index.php\/wp-json\/wp\/v2\/pages\/32","targetHints":{"allow":["GET"]}}],"collection":[{"href":"https:\/\/compasreseau.com\/index.php\/wp-json\/wp\/v2\/pages"}],"about":[{"href":"https:\/\/compasreseau.com\/index.php\/wp-json\/wp\/v2\/types\/page"}],"author":[{"embeddable":true,"href":"https:\/\/compasreseau.com\/index.php\/wp-json\/wp\/v2\/users\/1"}],"replies":[{"embeddable":true,"href":"https:\/\/compasreseau.com\/index.php\/wp-json\/wp\/v2\/comments?post=32"}],"version-history":[{"count":88,"href":"https:\/\/compasreseau.com\/index.php\/wp-json\/wp\/v2\/pages\/32\/revisions"}],"predecessor-version":[{"id":1829,"href":"https:\/\/compasreseau.com\/index.php\/wp-json\/wp\/v2\/pages\/32\/revisions\/1829"}],"wp:attachment":[{"href":"https:\/\/compasreseau.com\/index.php\/wp-json\/wp\/v2\/media?parent=32"}],"wp:term":[{"taxonomy":"category","embeddable":true,"href":"https:\/\/compasreseau.com\/index.php\/wp-json\/wp\/v2\/categories?post=32"},{"taxonomy":"post_tag","embeddable":true,"href":"https:\/\/compasreseau.com\/index.php\/wp-json\/wp\/v2\/tags?post=32"}],"curies":[{"name":"wp","href":"https:\/\/api.w.org\/{rel}","templated":true}]}}